{"id":540,"date":"2016-01-05T11:16:05","date_gmt":"2016-01-05T10:16:05","guid":{"rendered":"http:\/\/www.rseapmu.org\/?page_id=540"},"modified":"2019-02-24T13:52:42","modified_gmt":"2019-02-24T12:52:42","slug":"carta-del-director","status":"publish","type":"page","link":"http:\/\/www.rseapmu.org\/","title":{"rendered":"Carta del Director"},"content":{"rendered":"<h2>\u00a0\u00a0\u00a0\u00a0\u00a0\u00a0\u00a0\u00a0\u00a0\u00a0\u00a0\u00a0\u00a0\u00a0\u00a0\u00a0\u00a0\u00a0\u00a0\u00a0\u00a0\u00a0\u00a0\u00a0\u00a0\u00a0\u00a0\u00a0\u00a0\u00a0\u00a0\u00a0\u00a0\u00a0\u00a0\u00a0\u00a0\u00a0\u00a0\u00a0\u00a0\u00a0\u00a0\u00a0\u00a0\u00a0\u00a0\u00a0\u00a0\u00a0\u00a0\u00a0\u00a0\u00a0\u00a0\u00a0\u00a0\u00a0 \u00a0\u00a0\u00a0\u00a0\u00a0\u00a0\u00a0\u00a0\u00a0\u00a0\u00a0\u00a0\u00a0\u00a0\u00a0\u00a0\u00a0\u00a0\u00a0\u00a0\u00a0\u00a0\u00a0\u00a0\u00a0\u00a0\u00a0\u00a0\u00a0 Murcia 1 de diciembre 2015<\/h2>\n<p>Estimado Socio\/a:<\/p>\n<p>Tras la aprobaci\u00f3n, por la Asamblea General Extraordinaria del 24 de Noviembre, de la propuesta de la anterior Junta Directiva esta se ha reestructurado de la siguiente manera:<\/p>\n<ul>\n<li><strong>Director<\/strong>: Juan \u00c1ngel Espa\u00f1a Tal\u00f3n<\/li>\n<li><strong>Vicedirector<\/strong>: Jos\u00e9 Egea Ib\u00e1\u00f1ez<\/li>\n<li><strong>Secretario<\/strong>: Fernando Armario S\u00e1nchez<\/li>\n<li><strong>Tesorero<\/strong>: Antonio Garc\u00eda-Nieto G\u00f3mez-Guillam\u00f3n<\/li>\n<li><strong>Vocales<\/strong>: Alfredo G\u00f3mez Hita, Cristina Guti\u00e9rrez-Cortines Corral, Carmen Hern\u00e1ndez Foulqui\u00e9.<\/li>\n<\/ul>\n<ol>\n<li><strong>\u00a0<\/strong>Iniciamos con ello una nueva andadura en la que pretendemos relanzar la presencia de nuestra Real Sociedad en los distintos \u00e1mbitos socioecon\u00f3micos y culturales de la Regi\u00f3n, impulsando nuevas actividades que respondan a las necesidades reales de nuestra sociedad. Y en cuyo dise\u00f1o y desarrollo os solicito, en nombre de la Junta Directiva, vuestra activa participaci\u00f3n.<\/li>\n<\/ol>\n<p>Me despido con mis mejores deseos para esta Navidad y para el a\u00f1o que pronto comienza.<\/p>\n<p>Saludos cordiales.<\/p>\n<p style=\"text-align: right;\"><strong>Juan \u00c1ngel Espa\u00f1a Tal\u00f3n<\/strong><\/p>\n<p style=\"text-align: right;\">Director<\/p>\n<ol>\n<li><a href=\"http:\/\/www.rseapmu.org\/jose-egea-carta-del-director\/\">Carta del anterior director.<\/a><\/li>\n<\/ol>\n","protected":false},"excerpt":{"rendered":"<p>\u00a0\u00a0\u00a0\u00a0\u00a0\u00a0\u00a0\u00a0\u00a0\u00a0\u00a0\u00a0\u00a0\u00a0\u00a0\u00a0\u00a0\u00a0\u00a0\u00a0\u00a0\u00a0\u00a0\u00a0\u00a0\u00a0\u00a0\u00a0\u00a0\u00a0\u00a0\u00a0\u00a0\u00a0\u00a0\u00a0\u00a0\u00a0\u00a0\u00a0\u00a0\u00a0\u00a0\u00a0\u00a0\u00a0\u00a0\u00a0\u00a0\u00a0\u00a0\u00a0\u00a0\u00a0\u00a0\u00a0\u00a0\u00a0 \u00a0\u00a0\u00a0\u00a0\u00a0\u00a0\u00a0\u00a0\u00a0\u00a0\u00a0\u00a0\u00a0\u00a0\u00a0\u00a0\u00a0\u00a0\u00a0\u00a0\u00a0\u00a0\u00a0\u00a0\u00a0\u00a0\u00a0\u00a0\u00a0 Murcia 1 de diciembre 2015 Estimado Socio\/a: Tras la aprobaci\u00f3n, por la Asamblea General Extraordinaria del 24 de Noviembre, de la propuesta de la anterior Junta Directiva esta se ha reestructurado de la siguiente manera: Director: Juan \u00c1ngel &hellip; <a href=\"http:\/\/www.rseapmu.org\/\">Sigue leyendo <span class=\"meta-nav\">&rarr;<\/span><\/a><\/p>\n","protected":false},"author":1,"featured_media":0,"parent":0,"menu_order":0,"comment_status":"closed","ping_status":"closed","template":"","meta":[],"_links":{"self":[{"href":"http:\/\/www.rseapmu.org\/index.php?rest_route=\/wp\/v2\/pages\/540"}],"collection":[{"href":"http:\/\/www.rseapmu.org\/index.php?rest_route=\/wp\/v2\/pages"}],"about":[{"href":"http:\/\/www.rseapmu.org\/index.php?rest_route=\/wp\/v2\/types\/page"}],"author":[{"embeddable":true,"href":"http:\/\/www.rseapmu.org\/index.php?rest_route=\/wp\/v2\/users\/1"}],"replies":[{"embeddable":true,"href":"http:\/\/www.rseapmu.org\/index.php?rest_route=%2Fwp%2Fv2%2Fcomments&post=540"}],"version-history":[{"count":3,"href":"http:\/\/www.rseapmu.org\/index.php?rest_route=\/wp\/v2\/pages\/540\/revisions"}],"predecessor-version":[{"id":807,"href":"http:\/\/www.rseapmu.org\/index.php?rest_route=\/wp\/v2\/pages\/540\/revisions\/807"}],"wp:attachment":[{"href":"http:\/\/www.rseapmu.org\/index.php?rest_route=%2Fwp%2Fv2%2Fmedia&parent=540"}],"curies":[{"name":"wp","href":"https:\/\/api.w.org\/{rel}","templated":true}]}}